{"id":1506,"date":"2024-06-07T09:00:41","date_gmt":"2024-06-07T12:00:41","guid":{"rendered":"https:\/\/congresso.fenafim.org.br\/2024\/?page_id=1506"},"modified":"2024-11-26T17:49:12","modified_gmt":"2024-11-26T20:49:12","slug":"programacao","status":"publish","type":"page","link":"https:\/\/congresso.fenafim.org.br\/2024\/programacao\/","title":{"rendered":"Programa\u00e7\u00e3o do Congresso"},"content":{"rendered":"\n<p align=\"center\" style=\"color:#137f63; font-size:20px\"><strong>27 DE NOVEMBRO (QUARTA-FEIRA)<\/strong><\/p><hr style=\"background-color:#137f63\">\n\n\n\n<p class=\"has-text-align-center has-medium-font-size\"><strong>MANH\u00c3<\/strong><\/p><hr>\n\n\n\n<p style=\"font-size:20px; color:#254e70\">\n<b>Credenciamento a partir das 8h da manh\u00e3<\/b>\n<\/p><hr>\n\n\n\n<p class=\"has-text-align-center has-medium-font-size\"><strong>NOITE<\/strong><\/p><hr>\n\n\n\n<p style=\"font-size:20px; color:#254e70\">\n<b>18h00<\/b> &#8211; Credenciamento<br><br>\n<b>18h30<\/b> &#8211; Cerim\u00f4nia de Abertura<br><br>\n<b>20h00<\/b> &#8211; Palestra Magna<br><br>\n<b>20h30<\/b> &#8211; Coquetel de Abertura (at\u00e9 \u00e0s 23h)\n<\/p><hr>\n\n\n\n<p align=\"center\" style=\"color:#137f63; font-size:20px\"><strong>28 DE NOVEMBRO (QUINTA-FEIRA)<\/strong><\/p><hr style=\"background-color:#137f63\">\n\n\n\n<p class=\"has-text-align-center has-medium-font-size\"><strong>MANH\u00c3<\/strong><\/p><hr>\n\n\n\n<p style=\"font-size:20px; color:#254e70\">\n<b>08h00<\/b> &#8211; Credenciamento<br><br>\n<b>08h30<\/b> &#8211; Painel Tem\u00e1tico: A Reforma Tribut\u00e1ria Brasileira<br>\nBernard Appy | Eurico Santi | Michele Roncalio | Rog\u00e9rio Gallo<br><br>\n<b>10h30<\/b> &#8211; Painel Tem\u00e1tico: A Import\u00e2ncia das Entidades Representativas na Reforma Tribut\u00e1ria<br>\nF\u00e1bio Mac\u00eado | Francelino das Chagas | Miqueas Liborio\n<\/p>\n<p style=\"font-size:20px\">\n<i>12h00 &#8211; Almo\u00e7o<\/i>\n<\/p><hr>\n\n\n\n<p class=\"has-text-align-center has-medium-font-size\"><strong>TARDE<\/strong><\/p><hr>\n\n\n\n<p style=\"font-size:20px; color:#254e70\">\n<b>14h00<\/b> &#8211; Apresenta\u00e7\u00e3o da Escola Nacional de Administra\u00e7\u00e3o Tribut\u00e1ria &#8211; ENAT<br><br>\n<b>14h20<\/b> &#8211; Mesa Redonda: Estrutura e Funcionamento do Comit\u00ea Gestor do IBS: Fiscaliza\u00e7\u00e3o, Distribui\u00e7\u00e3o e Contencioso<br>\nAlberto Macedo | Manoel Proc\u00f3pio Jr.\n<\/p>\n<p style=\"font-size:20px; color:#254e70\">\n<b>15h10<\/b> &#8211; Mesa Redonda: Reforma Tribut\u00e1ria e Novas Tecnologias<br>\nMiguel Abuhab | Marcos Flores | Luiz Dias\n<\/p>\n<p style=\"font-size:20px\">\n<i>16h30 &#8211; Coffee Break<\/i>\n<\/p>\n<p style=\"font-size:20px; color:#254e70\">\n<b>16h45<\/b> &#8211; Mesa Redonda: Reforma Tribut\u00e1ria: Considera\u00e7\u00f5es Jur\u00eddicas e Econ\u00f4micas<br>\nRicardo Almeida | Sergio Gobetti<br><br>\n<b>18h00<\/b> &#8211; Cerim\u00f4nia de Entrega do Pr\u00eamio FENAFIM\n<\/p><hr>\n\n\n\n<p align=\"center\" style=\"color:#137f63; font-size:20px\"><strong>29 DE NOVEMBRO (SEXTA-FEIRA)<\/strong><\/p><hr style=\"background-color:#137f63\">\n\n\n\n<p class=\"has-text-align-center has-medium-font-size\"><strong>MANH\u00c3<\/strong><\/p><hr>\n\n\n\n<p style=\"font-size:20px; color:#254e70\">\n<b>08h30<\/b> &#8211; Painel Tem\u00e1tico: O Papel dos Tribunais de Contas Junto \u00e0s Administra\u00e7\u00f5es Tribut\u00e1rias Municipais<br>\nVinicius Del Pupo | Flavio Berti<br><br>\n<b>10h00<\/b> &#8211; Painel Tem\u00e1tico: Atualidades dos Tributos Imobili\u00e1rios (IPTU\/ITBI)<br>\nCintia Fernandes | Alexandre Grabert<br><br>\n<b>11h00<\/b> &#8211; Painel Tem\u00e1tico: O Simples Nacional e a Reforma Tribut\u00e1ria<br>\nClarissa Mendes | Rafael Camera | Edgard Fernandes\n<\/p>\n<p style=\"font-size:20px\">\n<i>12h00 &#8211; Almo\u00e7o<\/i>\n<\/p><hr>\n\n\n\n<p class=\"has-text-align-center has-medium-font-size\"><strong>TARDE<\/strong><\/p><hr>\n\n\n\n<p style=\"font-size:20px; color:#254E70\">\n<b>14h00<\/b> &#8211; Debate: A LOAT e o Futuro dos Fiscos Municipais<br>\nAdriana Schier | C\u00e1ssio Vieira | Wanderci Polaquini<br><br>\n<b>15h00<\/b> &#8211; Palestra de Encerramento: IVA 5.0: O Novo Sistema Tribut\u00e1rio Brasileiro<br>\nDeputado Federal Luiz Carlos Hauly\n<\/p>\n<p style=\"font-size:20px\">\n<i>15h50 &#8211; Coffee Break<\/i>\n<\/p>\n<p style=\"font-size:20px; color:#254e70\">\n<b>16h00<\/b> &#8211; Apresenta\u00e7\u00e3o do Congresso Nacional FENAFIM 2025<br><br>\n<b>16h30<\/b> &#8211; Cerim\u00f4nia de Encerramento<br><br>\n<b>18h30<\/b> &#8211; Confraterniza\u00e7\u00e3o (at\u00e9 \u00e0s 23h)\n<\/p>\n","protected":false},"excerpt":{"rendered":"<p>27 DE NOVEMBRO (QUARTA-FEIRA) MANH\u00c3 Credenciamento a partir das 8h da manh\u00e3 NOITE 18h00 &#8211; Credenciamento 18h30 &#8211; Cerim\u00f4nia de Abertura 20h00 &#8211; Palestra Magna 20h30 &#8211; Coquetel de Abertura &#8230;<\/p>\n","protected":false},"author":3,"featured_media":0,"parent":0,"menu_order":0,"comment_status":"closed","ping_status":"closed","template":"","meta":{"om_disable_all_campaigns":false,"_monsterinsights_skip_tracking":false,"_monsterinsights_sitenote_active":false,"_monsterinsights_sitenote_note":"","_monsterinsights_sitenote_category":0,"footnotes":""},"aioseo_notices":[],"jetpack_sharing_enabled":true,"_links":{"self":[{"href":"https:\/\/congresso.fenafim.org.br\/2024\/wp-json\/wp\/v2\/pages\/1506"}],"collection":[{"href":"https:\/\/congresso.fenafim.org.br\/2024\/wp-json\/wp\/v2\/pages"}],"about":[{"href":"https:\/\/congresso.fenafim.org.br\/2024\/wp-json\/wp\/v2\/types\/page"}],"author":[{"embeddable":true,"href":"https:\/\/congresso.fenafim.org.br\/2024\/wp-json\/wp\/v2\/users\/3"}],"replies":[{"embeddable":true,"href":"https:\/\/congresso.fenafim.org.br\/2024\/wp-json\/wp\/v2\/comments?post=1506"}],"version-history":[{"count":95,"href":"https:\/\/congresso.fenafim.org.br\/2024\/wp-json\/wp\/v2\/pages\/1506\/revisions"}],"predecessor-version":[{"id":3570,"href":"https:\/\/congresso.fenafim.org.br\/2024\/wp-json\/wp\/v2\/pages\/1506\/revisions\/3570"}],"wp:attachment":[{"href":"https:\/\/congresso.fenafim.org.br\/2024\/wp-json\/wp\/v2\/media?parent=1506"}],"curies":[{"name":"wp","href":"https:\/\/api.w.org\/{rel}","templated":true}]}}